{"id":2745,"date":"2022-04-27T14:57:20","date_gmt":"2022-04-27T12:57:20","guid":{"rendered":"https:\/\/sia.regione.liguria.it\/?page_id=2745"},"modified":"2022-10-13T12:46:39","modified_gmt":"2022-10-13T10:46:39","slug":"spirl-3-2","status":"publish","type":"page","link":"https:\/\/sia.regione.liguria.it\/index.php\/spirl-3-2\/","title":{"rendered":"Feedback pannello MED-PSS"},"content":{"rendered":"\n<p>Il progetto <em>Med-PSS &#8211; Sviluppare la cultura del rischio incendio<\/em> \u00e8 realizzato nell\u2019ambito del \u201cProgramma di cooperazione transfrontaliera Italia-Francia Marittimo 2014-2020\u201d con capofila R\u00e9gion Sud Provence-Alpes-C\u00f4te d\u2019Azur e partner Regione Sardegna, Corsica, ANCI Liguria, Regione Liguria, ANCI Toscana, Provincia di Lucca.<\/p>\n\n\n\n<p>Il progetto ha l&#8217;obiettivo di diffondere la cultura del rischio incendi nell&#8217;area di cooperazione transfrontaliera Italia-Francia, informando e sensibilizzando target diversi (scuole, operatori agricolo-forestali, amministratori\/funzionari, cittadinanza in generale\u2026) sull\u2019importanza della risorsa bosco e sui corretti comportamenti da adottare per preservarla, sviluppando buone pratiche di comunicazione sia nella fase di prevenzione che di allerta e implementando progetti di comunicazione pilota in Francia e in Italia. <\/p>\n\n\n\n<p>Nell\u2019ambito di questo progetto <em>Regione Liguria- Settore servizi alle imprese agricole e florovivaismo<\/em> \u00e8 partner e tra le attivit\u00e0 espletate vi \u00e8 anche la realizzazione del <strong>pannello informativo sperimentale di comunicazione del rischio d\u2019incendio boschivo quotidiano.<\/strong><\/p>\n\n\n\n<p>Non \u00e8 possibile prevedere l\u2019accensione di un incendio boschivo, dietro cui c\u2019\u00e8 sempre l\u2019azione umana (dolosa o colposa) di per s\u00e9 non prevedibile appunto, ma \u00e8 possibile prevedere se vi saranno condizioni tali da trasformare un semplice fuoco in un incendio. Si tratta di condizioni orografiche, vegetazionali e meteorologiche predisponenti o meno l\u2019accensione e la propagazione di un incendio. Esistono a tal proposito alcuni modelli in grado di fornire quotidianamente indici di rischio, come ad esempio il modello Risico-Liguria, realizzato da CIMA Foundation, che da anni \u00e8 utilizzato nell\u2019ambito dello <em>SPIRL (Servizio Previsione Incendi Regione Liguria)<\/em>.<\/p>\n\n\n\n<p>Proprio sulla base della previsione dello SPIRL, il pannello MED PSS mostrer\u00e0 ogni giorno (in via sperimentale) il livello di rischio incendio previsto nel Comune di Albenga, mediante l\u2019accensione della relativa luce.<\/p>\n\n\n\n<p>Ad ognuno dei quattro livelli corrisponde uno scenario di incendio boschivo atteso<\/p>\n\n\n\n<div class=\"wp-block-image\"><figure class=\"aligncenter size-full is-resized\"><img loading=\"lazy\" decoding=\"async\" src=\"https:\/\/sia.regione.liguria.it\/wp-content\/uploads\/2022\/10\/rischio.jpg\" alt=\"\" class=\"wp-image-2940\" width=\"489\" height=\"439\" srcset=\"https:\/\/sia.regione.liguria.it\/wp-content\/uploads\/2022\/10\/rischio.jpg 856w, https:\/\/sia.regione.liguria.it\/wp-content\/uploads\/2022\/10\/rischio-300x270.jpg 300w, https:\/\/sia.regione.liguria.it\/wp-content\/uploads\/2022\/10\/rischio-768x690.jpg 768w\" sizes=\"auto, (max-width: 489px) 100vw, 489px\" \/><\/figure><\/div>\n\n\n\n<p>e la possibilit\u00e0 o meno di eseguire una serie di attivit\u00e0 antropiche potenzialmente a rischio (al di fuori del periodo di grave pericolosit\u00e0 da incendi), onde evitare la propagazione di incendi colposi.<\/p>\n\n\n\n<figure class=\"wp-block-gallery has-nested-images columns-default is-cropped wp-block-gallery-1 is-layout-flex wp-block-gallery-is-layout-flex\">\n<figure class=\"wp-block-image size-large\"><img loading=\"lazy\" decoding=\"async\" width=\"683\" height=\"1024\" data-id=\"2945\" src=\"https:\/\/sia.regione.liguria.it\/wp-content\/uploads\/2022\/10\/MED-PSS_pannello-stampa_page-0001-min-1-683x1024.jpg\" alt=\"\" class=\"wp-image-2945\" srcset=\"https:\/\/sia.regione.liguria.it\/wp-content\/uploads\/2022\/10\/MED-PSS_pannello-stampa_page-0001-min-1-683x1024.jpg 683w, https:\/\/sia.regione.liguria.it\/wp-content\/uploads\/2022\/10\/MED-PSS_pannello-stampa_page-0001-min-1-200x300.jpg 200w, https:\/\/sia.regione.liguria.it\/wp-content\/uploads\/2022\/10\/MED-PSS_pannello-stampa_page-0001-min-1-768x1152.jpg 768w, https:\/\/sia.regione.liguria.it\/wp-content\/uploads\/2022\/10\/MED-PSS_pannello-stampa_page-0001-min-1-1024x1536.jpg 1024w, https:\/\/sia.regione.liguria.it\/wp-content\/uploads\/2022\/10\/MED-PSS_pannello-stampa_page-0001-min-1-1366x2048.jpg 1366w, https:\/\/sia.regione.liguria.it\/wp-content\/uploads\/2022\/10\/MED-PSS_pannello-stampa_page-0001-min-1-scaled.jpg 1707w\" sizes=\"auto, (max-width: 683px) 100vw, 683px\" \/><\/figure>\n\n\n\n<figure class=\"wp-block-image size-large\"><img loading=\"lazy\" decoding=\"async\" width=\"683\" height=\"1024\" data-id=\"2944\" src=\"https:\/\/sia.regione.liguria.it\/wp-content\/uploads\/2022\/10\/MED-PSS_pannello-stampa_page-0002-min-683x1024.jpg\" alt=\"\" class=\"wp-image-2944\" srcset=\"https:\/\/sia.regione.liguria.it\/wp-content\/uploads\/2022\/10\/MED-PSS_pannello-stampa_page-0002-min-683x1024.jpg 683w, https:\/\/sia.regione.liguria.it\/wp-content\/uploads\/2022\/10\/MED-PSS_pannello-stampa_page-0002-min-200x300.jpg 200w, https:\/\/sia.regione.liguria.it\/wp-content\/uploads\/2022\/10\/MED-PSS_pannello-stampa_page-0002-min-768x1152.jpg 768w, https:\/\/sia.regione.liguria.it\/wp-content\/uploads\/2022\/10\/MED-PSS_pannello-stampa_page-0002-min-1024x1536.jpg 1024w, https:\/\/sia.regione.liguria.it\/wp-content\/uploads\/2022\/10\/MED-PSS_pannello-stampa_page-0002-min-1366x2048.jpg 1366w, https:\/\/sia.regione.liguria.it\/wp-content\/uploads\/2022\/10\/MED-PSS_pannello-stampa_page-0002-min-scaled.jpg 1707w\" sizes=\"auto, (max-width: 683px) 100vw, 683px\" \/><\/figure>\n<\/figure>\n\n\n\n<p>Dal momento in cui viene dichiarato lo stato di grave pericolosit\u00e0 da incendi, fino alla cessazione dello stesso, rimarr\u00e0 invece accesa e lampeggiante solo la prima luce, mentre le altre quattro resteranno spente.<\/p>\n\n\n\n<p>In questo caso tutte le attivit\u00e0 antropiche riportate saranno non soltanto non consentite, ma assolutamente VIETATE, ai sensi dell\u2019art. 2 della L. 353\/2000. <\/p>\n\n\n\n<p>Se sei un <strong>agricoltore<\/strong>, puoi dare un utile feedback scaricando, compilando e inviando a <a href=\"mailto:spirl@regione.liguria.it\">spirl@regione.liguria.it<\/a> il seguente questionario <strong><a href=\"http:\/\/t.ly\/xVYM\" target=\"_blank\" rel=\"noreferrer noopener\">Questionario Agricoltori<\/a><\/strong><\/p>\n\n\n\n<p><\/p>\n\n\n\n<p><\/p>\n\n\n\n<p><\/p>\n\n\n\n<p><\/p>\n","protected":false},"excerpt":{"rendered":"<p>Il progetto Med-PSS &#8211; Sviluppare la cultura del rischio incendio \u00e8 realizzato nell\u2019ambito del \u201cProgramma di cooperazione transfrontaliera Italia-Francia Marittimo 2014-2020\u201d con capofila R\u00e9gion Sud Provence-Alpes-C\u00f4te d\u2019Azur e partner Regione Sardegna, Corsica, ANCI Liguria, Regione ...<\/p>\n","protected":false},"author":1,"featured_media":0,"parent":0,"menu_order":0,"comment_status":"closed","ping_status":"closed","template":"","meta":{"footnotes":""},"class_list":["post-2745","page","type-page","status-publish","hentry"],"yoast_head":"<!-- This site is optimized with the Yoast SEO plugin v24.0 - https:\/\/yoast.com\/wordpress\/plugins\/seo\/ -->\n<title>Feedback pannello MED-PSS -<\/title>\n<meta name=\"robots\" content=\"index, follow, max-snippet:-1, max-image-preview:large, max-video-preview:-1\" \/>\n<link rel=\"canonical\" href=\"https:\/\/sia.regione.liguria.it\/index.php\/spirl-3-2\/\" \/>\n<meta property=\"og:locale\" content=\"it_IT\" \/>\n<meta property=\"og:type\" content=\"article\" \/>\n<meta property=\"og:title\" content=\"Feedback pannello MED-PSS -\" \/>\n<meta property=\"og:description\" content=\"Il progetto Med-PSS &#8211; Sviluppare la cultura del rischio incendio \u00e8 realizzato nell\u2019ambito del \u201cProgramma di cooperazione transfrontaliera Italia-Francia Marittimo 2014-2020\u201d con capofila R\u00e9gion Sud Provence-Alpes-C\u00f4te d\u2019Azur e partner Regione Sardegna, Corsica, ANCI Liguria, Regione [&hellip;]\" \/>\n<meta property=\"og:url\" content=\"https:\/\/sia.regione.liguria.it\/index.php\/spirl-3-2\/\" \/>\n<meta property=\"article:publisher\" content=\"https:\/\/facebook.com\/agriligurianet\/\" \/>\n<meta property=\"article:modified_time\" content=\"2022-10-13T10:46:39+00:00\" \/>\n<meta property=\"og:image\" content=\"https:\/\/sia.regione.liguria.it\/wp-content\/uploads\/2022\/10\/rischio.jpg\" \/>\n<meta name=\"twitter:card\" content=\"summary_large_image\" \/>\n<meta name=\"twitter:site\" content=\"@caarservizi\" \/>\n<meta name=\"twitter:label1\" content=\"Tempo di lettura stimato\" \/>\n\t<meta name=\"twitter:data1\" content=\"3 minuti\" \/>\n<script type=\"application\/ld+json\" class=\"yoast-schema-graph\">{\"@context\":\"https:\/\/schema.org\",\"@graph\":[{\"@type\":\"WebPage\",\"@id\":\"https:\/\/sia.regione.liguria.it\/index.php\/spirl-3-2\/\",\"url\":\"https:\/\/sia.regione.liguria.it\/index.php\/spirl-3-2\/\",\"name\":\"Feedback pannello MED-PSS -\",\"isPartOf\":{\"@id\":\"https:\/\/sia.regione.liguria.it\/#website\"},\"primaryImageOfPage\":{\"@id\":\"https:\/\/sia.regione.liguria.it\/index.php\/spirl-3-2\/#primaryimage\"},\"image\":{\"@id\":\"https:\/\/sia.regione.liguria.it\/index.php\/spirl-3-2\/#primaryimage\"},\"thumbnailUrl\":\"https:\/\/sia.regione.liguria.it\/wp-content\/uploads\/2022\/10\/rischio.jpg\",\"datePublished\":\"2022-04-27T12:57:20+00:00\",\"dateModified\":\"2022-10-13T10:46:39+00:00\",\"breadcrumb\":{\"@id\":\"https:\/\/sia.regione.liguria.it\/index.php\/spirl-3-2\/#breadcrumb\"},\"inLanguage\":\"it-IT\",\"potentialAction\":[{\"@type\":\"ReadAction\",\"target\":[\"https:\/\/sia.regione.liguria.it\/index.php\/spirl-3-2\/\"]}]},{\"@type\":\"ImageObject\",\"inLanguage\":\"it-IT\",\"@id\":\"https:\/\/sia.regione.liguria.it\/index.php\/spirl-3-2\/#primaryimage\",\"url\":\"https:\/\/sia.regione.liguria.it\/wp-content\/uploads\/2022\/10\/rischio.jpg\",\"contentUrl\":\"https:\/\/sia.regione.liguria.it\/wp-content\/uploads\/2022\/10\/rischio.jpg\",\"width\":856,\"height\":769},{\"@type\":\"BreadcrumbList\",\"@id\":\"https:\/\/sia.regione.liguria.it\/index.php\/spirl-3-2\/#breadcrumb\",\"itemListElement\":[{\"@type\":\"ListItem\",\"position\":1,\"name\":\"Home\",\"item\":\"https:\/\/sia.regione.liguria.it\/\"},{\"@type\":\"ListItem\",\"position\":2,\"name\":\"Feedback pannello MED-PSS\"}]},{\"@type\":\"WebSite\",\"@id\":\"https:\/\/sia.regione.liguria.it\/#website\",\"url\":\"https:\/\/sia.regione.liguria.it\/\",\"name\":\"\",\"description\":\"Servizi Imprese Agricole\",\"publisher\":{\"@id\":\"https:\/\/sia.regione.liguria.it\/#organization\"},\"potentialAction\":[{\"@type\":\"SearchAction\",\"target\":{\"@type\":\"EntryPoint\",\"urlTemplate\":\"https:\/\/sia.regione.liguria.it\/?s={search_term_string}\"},\"query-input\":{\"@type\":\"PropertyValueSpecification\",\"valueRequired\":true,\"valueName\":\"search_term_string\"}}],\"inLanguage\":\"it-IT\"},{\"@type\":\"Organization\",\"@id\":\"https:\/\/sia.regione.liguria.it\/#organization\",\"name\":\"REGIONE LIGURIA - SIA - SERVIZI IMPRESE AGRICOLE\",\"url\":\"https:\/\/sia.regione.liguria.it\/\",\"logo\":{\"@type\":\"ImageObject\",\"inLanguage\":\"it-IT\",\"@id\":\"https:\/\/sia.regione.liguria.it\/#\/schema\/logo\/image\/\",\"url\":\"https:\/\/sia.regione.liguria.it\/wp-content\/uploads\/2018\/05\/SIA-LOGO.png\",\"contentUrl\":\"https:\/\/sia.regione.liguria.it\/wp-content\/uploads\/2018\/05\/SIA-LOGO.png\",\"width\":500,\"height\":500,\"caption\":\"REGIONE LIGURIA - SIA - SERVIZI IMPRESE AGRICOLE\"},\"image\":{\"@id\":\"https:\/\/sia.regione.liguria.it\/#\/schema\/logo\/image\/\"},\"sameAs\":[\"https:\/\/facebook.com\/agriligurianet\/\",\"https:\/\/x.com\/caarservizi\",\"https:\/\/www.youtube.com\/playlist?list=PL0Fy3X4UWhVSOnaKC_rP_zAtshxMoGyrD\"]}]}<\/script>\n<!-- \/ Yoast SEO plugin. -->","yoast_head_json":{"title":"Feedback pannello MED-PSS -","robots":{"index":"index","follow":"follow","max-snippet":"max-snippet:-1","max-image-preview":"max-image-preview:large","max-video-preview":"max-video-preview:-1"},"canonical":"https:\/\/sia.regione.liguria.it\/index.php\/spirl-3-2\/","og_locale":"it_IT","og_type":"article","og_title":"Feedback pannello MED-PSS -","og_description":"Il progetto Med-PSS &#8211; Sviluppare la cultura del rischio incendio \u00e8 realizzato nell\u2019ambito del \u201cProgramma di cooperazione transfrontaliera Italia-Francia Marittimo 2014-2020\u201d con capofila R\u00e9gion Sud Provence-Alpes-C\u00f4te d\u2019Azur e partner Regione Sardegna, Corsica, ANCI Liguria, Regione [&hellip;]","og_url":"https:\/\/sia.regione.liguria.it\/index.php\/spirl-3-2\/","article_publisher":"https:\/\/facebook.com\/agriligurianet\/","article_modified_time":"2022-10-13T10:46:39+00:00","og_image":[{"url":"https:\/\/sia.regione.liguria.it\/wp-content\/uploads\/2022\/10\/rischio.jpg","type":"","width":"","height":""}],"twitter_card":"summary_large_image","twitter_site":"@caarservizi","twitter_misc":{"Tempo di lettura stimato":"3 minuti"},"schema":{"@context":"https:\/\/schema.org","@graph":[{"@type":"WebPage","@id":"https:\/\/sia.regione.liguria.it\/index.php\/spirl-3-2\/","url":"https:\/\/sia.regione.liguria.it\/index.php\/spirl-3-2\/","name":"Feedback pannello MED-PSS -","isPartOf":{"@id":"https:\/\/sia.regione.liguria.it\/#website"},"primaryImageOfPage":{"@id":"https:\/\/sia.regione.liguria.it\/index.php\/spirl-3-2\/#primaryimage"},"image":{"@id":"https:\/\/sia.regione.liguria.it\/index.php\/spirl-3-2\/#primaryimage"},"thumbnailUrl":"https:\/\/sia.regione.liguria.it\/wp-content\/uploads\/2022\/10\/rischio.jpg","datePublished":"2022-04-27T12:57:20+00:00","dateModified":"2022-10-13T10:46:39+00:00","breadcrumb":{"@id":"https:\/\/sia.regione.liguria.it\/index.php\/spirl-3-2\/#breadcrumb"},"inLanguage":"it-IT","potentialAction":[{"@type":"ReadAction","target":["https:\/\/sia.regione.liguria.it\/index.php\/spirl-3-2\/"]}]},{"@type":"ImageObject","inLanguage":"it-IT","@id":"https:\/\/sia.regione.liguria.it\/index.php\/spirl-3-2\/#primaryimage","url":"https:\/\/sia.regione.liguria.it\/wp-content\/uploads\/2022\/10\/rischio.jpg","contentUrl":"https:\/\/sia.regione.liguria.it\/wp-content\/uploads\/2022\/10\/rischio.jpg","width":856,"height":769},{"@type":"BreadcrumbList","@id":"https:\/\/sia.regione.liguria.it\/index.php\/spirl-3-2\/#breadcrumb","itemListElement":[{"@type":"ListItem","position":1,"name":"Home","item":"https:\/\/sia.regione.liguria.it\/"},{"@type":"ListItem","position":2,"name":"Feedback pannello MED-PSS"}]},{"@type":"WebSite","@id":"https:\/\/sia.regione.liguria.it\/#website","url":"https:\/\/sia.regione.liguria.it\/","name":"","description":"Servizi Imprese Agricole","publisher":{"@id":"https:\/\/sia.regione.liguria.it\/#organization"},"potentialAction":[{"@type":"SearchAction","target":{"@type":"EntryPoint","urlTemplate":"https:\/\/sia.regione.liguria.it\/?s={search_term_string}"},"query-input":{"@type":"PropertyValueSpecification","valueRequired":true,"valueName":"search_term_string"}}],"inLanguage":"it-IT"},{"@type":"Organization","@id":"https:\/\/sia.regione.liguria.it\/#organization","name":"REGIONE LIGURIA - SIA - SERVIZI IMPRESE AGRICOLE","url":"https:\/\/sia.regione.liguria.it\/","logo":{"@type":"ImageObject","inLanguage":"it-IT","@id":"https:\/\/sia.regione.liguria.it\/#\/schema\/logo\/image\/","url":"https:\/\/sia.regione.liguria.it\/wp-content\/uploads\/2018\/05\/SIA-LOGO.png","contentUrl":"https:\/\/sia.regione.liguria.it\/wp-content\/uploads\/2018\/05\/SIA-LOGO.png","width":500,"height":500,"caption":"REGIONE LIGURIA - SIA - SERVIZI IMPRESE AGRICOLE"},"image":{"@id":"https:\/\/sia.regione.liguria.it\/#\/schema\/logo\/image\/"},"sameAs":["https:\/\/facebook.com\/agriligurianet\/","https:\/\/x.com\/caarservizi","https:\/\/www.youtube.com\/playlist?list=PL0Fy3X4UWhVSOnaKC_rP_zAtshxMoGyrD"]}]}},"_links":{"self":[{"href":"https:\/\/sia.regione.liguria.it\/index.php\/wp-json\/wp\/v2\/pages\/2745","targetHints":{"allow":["GET"]}}],"collection":[{"href":"https:\/\/sia.regione.liguria.it\/index.php\/wp-json\/wp\/v2\/pages"}],"about":[{"href":"https:\/\/sia.regione.liguria.it\/index.php\/wp-json\/wp\/v2\/types\/page"}],"author":[{"embeddable":true,"href":"https:\/\/sia.regione.liguria.it\/index.php\/wp-json\/wp\/v2\/users\/1"}],"replies":[{"embeddable":true,"href":"https:\/\/sia.regione.liguria.it\/index.php\/wp-json\/wp\/v2\/comments?post=2745"}],"version-history":[{"count":11,"href":"https:\/\/sia.regione.liguria.it\/index.php\/wp-json\/wp\/v2\/pages\/2745\/revisions"}],"predecessor-version":[{"id":2956,"href":"https:\/\/sia.regione.liguria.it\/index.php\/wp-json\/wp\/v2\/pages\/2745\/revisions\/2956"}],"wp:attachment":[{"href":"https:\/\/sia.regione.liguria.it\/index.php\/wp-json\/wp\/v2\/media?parent=2745"}],"curies":[{"name":"wp","href":"https:\/\/api.w.org\/{rel}","templated":true}]}}